{"id":13091,"date":"2024-03-27T16:30:41","date_gmt":"2024-03-27T16:30:41","guid":{"rendered":"https:\/\/alphalearning.com\/comentarios-de-clientes-alphalearning\/familias-e-individuos\/jean-deschenes\/"},"modified":"2025-01-26T10:01:57","modified_gmt":"2025-01-26T10:01:57","slug":"jean-deschenes","status":"publish","type":"page","link":"https:\/\/alphalearning.com\/pt\/comentarios-de-clientes-alphalearning\/familias-e-individuos\/jean-deschenes\/","title":{"rendered":"Jean Deschenes"},"content":{"rendered":"\n<div class=\"wp-block-uagb-advanced-heading uagb-block-e5b4485c\"><h1 class=\"uagb-heading-text\">Depoimento de Jean Deschenes ao Alphalearning<\/h1><\/div>\n\n\n\n<div class=\"wp-block-uagb-container uagb-block-29a18a4d alignfull uagb-is-root-container\"><div class=\"uagb-container-inner-blocks-wrap\">\n<p>Queridos amigos,<\/p>\n\n\n\n<p>Uma breve nota para atualiz\u00e1-los sobre nosso progresso. Mas, antes, permitam-nos repetir o quanto somos gratos pelos seus ensinamentos e, principalmente, pelo precioso presente da esperan\u00e7a.<\/p>\n\n\n\n<p>Nosso filho Lee agora tem 3 anos e meio. Diagn\u00f3sticos diferentes foram atribu\u00eddos \u00e0 sua condi\u00e7\u00e3o, incluindo autismo, autismo at\u00edpico, PDD (Transtorno Invasivo do Desenvolvimento), TDA (Transtorno do D\u00e9ficit de Aten\u00e7\u00e3o) e transtorno de regula\u00e7\u00e3o, mas nenhum parecia descrever exatamente nosso filho t\u00e3o especial. Quando voc\u00eas o conheceram, aos tr\u00eas anos, sua idade de desenvolvimento foi avaliada em 1 ano e meio, sem qualquer comunica\u00e7\u00e3o ou fala vocal. Temos sido muito proativos nos cuidados com Lee: escola especial, in\u00fameras terapias, processamento auditivo e uma enfermeira maravilhosa, Lenee, que voc\u00eas conheceram durante nossa visita. Com toda essa ajuda, Lee avan\u00e7ou em seu desenvolvimento e at\u00e9 deu os primeiros passos na fala ao repetir alguns comandos simples quando estimulado.<\/p>\n\n\n\n<p>Iniciamos as sess\u00f5es de computador durante as f\u00e9rias de Natal, e ele, portanto, teve duas semanas de sess\u00f5es antes de voltar \u00e0 escola. T\u00ednhamos de fazer as sess\u00f5es enquanto Lee dormia, pois ele ainda resiste a usar os acess\u00f3rios por um per\u00edodo razo\u00e1vel de tempo.<\/p>\n\n\n\n<p>A mudan\u00e7a foi imediata. Lee ficou mais calmo, parecia mais focado, adormecia com mais facilidade, tornou-se mais cooperativo e, de modo geral, era uma crian\u00e7a mais feliz. Durante essas duas semanas de f\u00e9rias, ele demonstrou maior interesse em vocalizar e conseguimos introduzir novas palavras.<\/p>\n\n\n\n<p>O retorno \u00e0s aulas foi um marco. Primeiro, seus terapeutas n\u00e3o conseguiam acreditar que se tratava da mesma crian\u00e7a; tanto progresso em t\u00e3o pouco tempo n\u00e3o se encaixava no referencial normal deles. Mas o mais importante \u00e9 que esse ritmo de progresso parece ter continuado naquele ambiente bem estruturado. Lee agora parece ter entendido a fun\u00e7\u00e3o da linguagem e vem adquirindo novas palavras com regularidade. Para qualquer crian\u00e7a na condi\u00e7\u00e3o dele, essas vit\u00f3rias aparentemente pequenas s\u00e3o, na verdade, grandes passos em seu desenvolvimento.<\/p>\n\n\n\n<p>Muito trabalho ainda precisa ser feito e ainda n\u00e3o temos um diagn\u00f3stico definitivo, mas estamos muito animados e encorajados pelos resultados iniciais. Recentemente, experimentamos os outros programas que voc\u00eas sugeriram. N\u00e3o notamos nenhuma diferen\u00e7a significativa, mas acredito que ainda n\u00e3o se passou tempo suficiente. Al\u00e9m disso, temos sido um tanto irregulares nos tratamentos por conta de gripes e de uma longa viagem fora da cidade para a terapia de processamento auditivo de Lee. Esperamos poder dar mais boas not\u00edcias em breve.<\/p>\n\n\n\n<p>Eu mesmo voltei \u00e0 rotina; os neg\u00f3cios aqui ainda est\u00e3o muito dif\u00edceis e exigentes. Ainda assim, reservo algum tempo para usar o Wavemeter e tenho achado isso muito \u00fatil, com os resultados que voc\u00eas previram: melhor concentra\u00e7\u00e3o, aumento na velocidade de leitura etc. Em meu \u00faltimo EEG, consegui produzir uma onda alfa sustentada. \u00c9 muito empolgante.<\/p>\n\n\n\n<p>Com carinho,<\/p>\n\n\n\n<p>Jean Deschenes, Quebec \u2013 Canad\u00e1<\/p>\n<\/div><\/div>\n","protected":false},"excerpt":{"rendered":"<p>Depoimento de Jean Deschenes ao Alphalearning Queridos amigos, Uma breve nota para atualiz\u00e1-los sobre nosso progresso. Mas, antes, permitam-nos repetir [&hellip;]<\/p>\n","protected":false},"author":2,"featured_media":0,"parent":13063,"menu_order":0,"comment_status":"closed","ping_status":"closed","template":"","meta":{"_uag_custom_page_level_css":"","site-sidebar-layout":"default","site-content-layout":"","ast-site-content-layout":"default","site-content-style":"default","site-sidebar-style":"default","ast-global-header-display":"","ast-banner-title-visibility":"","ast-main-header-display":"","ast-hfb-above-header-display":"","ast-hfb-below-header-display":"","ast-hfb-mobile-header-display":"","site-post-title":"disabled","ast-breadcrumbs-content":"","ast-featured-img":"","footer-sml-layout":"","ast-disable-related-posts":"","theme-transparent-header-meta":"","adv-header-id-meta":"","stick-header-meta":"","header-above-stick-meta":"","header-main-stick-meta":"","header-below-stick-meta":"","astra-migrate-meta-layouts":"default","ast-page-background-enabled":"default","ast-page-background-meta":{"desktop":{"background-color":"var(--ast-global-color-4)","background-image":"","background-repeat":"repeat","background-position":"center center","background-size":"auto","background-attachment":"scroll","background-type":"","background-media":"","overlay-type":"","overlay-color":"","overlay-opacity":"","overlay-gradient":""},"tablet":{"background-color":"","background-image":"","background-repeat":"repeat","background-position":"center center","background-size":"auto","background-attachment":"scroll","background-type":"","background-media":"","overlay-type":"","overlay-color":"","overlay-opacity":"","overlay-gradient":""},"mobile":{"background-color":"","background-image":"","background-repeat":"repeat","background-position":"center center","background-size":"auto","background-attachment":"scroll","background-type":"","background-media":"","overlay-type":"","overlay-color":"","overlay-opacity":"","overlay-gradient":""}},"ast-content-background-meta":{"desktop":{"background-color":"var(--ast-global-color-5)","background-image":"","background-repeat":"repeat","background-position":"center center","background-size":"auto","background-attachment":"scroll","background-type":"","background-media":"","overlay-type":"","overlay-color":"","overlay-opacity":"","overlay-gradient":""},"tablet":{"background-color":"var(--ast-global-color-5)","background-image":"","background-repeat":"repeat","background-position":"center center","background-size":"auto","background-attachment":"scroll","background-type":"","background-media":"","overlay-type":"","overlay-color":"","overlay-opacity":"","overlay-gradient":""},"mobile":{"background-color":"var(--ast-global-color-5)","background-image":"","background-repeat":"repeat","background-position":"center center","background-size":"auto","background-attachment":"scroll","background-type":"","background-media":"","overlay-type":"","overlay-color":"","overlay-opacity":"","overlay-gradient":""}},"footnotes":""},"class_list":["post-13091","page","type-page","status-publish","hentry"],"yoast_head":"<!-- This site is optimized with the Yoast SEO plugin v27.1.1 - https:\/\/yoast.com\/product\/yoast-seo-wordpress\/ -->\n<title>Avan\u00e7o no Autismo: A Jornada de Jean no Alphalearning Intl.<\/title>\n<meta name=\"description\" content=\"Em poucas semanas, Lee, diagnosticado com autismo, passou do sil\u00eancio \u00e0 fala. Conhe\u00e7a o depoimento inspirador de Jean e o impacto do Alphalearning.\" \/>\n<meta name=\"robots\" content=\"index, follow, max-snippet:-1, max-image-preview:large, max-video-preview:-1\" \/>\n<link rel=\"canonical\" href=\"https:\/\/alphalearning.com\/pt\/comentarios-de-clientes-alphalearning\/familias-e-individuos\/jean-deschenes\/\" \/>\n<meta property=\"og:locale\" content=\"pt_PT\" \/>\n<meta property=\"og:type\" content=\"article\" \/>\n<meta property=\"og:title\" content=\"Avan\u00e7o no Autismo: A Jornada de Jean no Alphalearning Intl.\" \/>\n<meta property=\"og:description\" content=\"Em poucas semanas, Lee, diagnosticado com autismo, passou do sil\u00eancio \u00e0 fala. Conhe\u00e7a o depoimento inspirador de Jean e o impacto do Alphalearning.\" \/>\n<meta property=\"og:url\" content=\"https:\/\/alphalearning.com\/pt\/comentarios-de-clientes-alphalearning\/familias-e-individuos\/jean-deschenes\/\" \/>\n<meta property=\"og:site_name\" content=\"Alphalearning International\" \/>\n<meta property=\"article:modified_time\" content=\"2025-01-26T10:01:57+00:00\" \/>\n<meta property=\"og:image\" content=\"https:\/\/alphalearning.com\/wp-content\/uploads\/2024\/04\/alphalearning-logo_red_1200x675px.png\" \/>\n\t<meta property=\"og:image:width\" content=\"1200\" \/>\n\t<meta property=\"og:image:height\" content=\"675\" \/>\n\t<meta property=\"og:image:type\" content=\"image\/png\" \/>\n<meta name=\"twitter:card\" content=\"summary_large_image\" \/>\n<meta name=\"twitter:label1\" content=\"Est. reading time\" \/>\n\t<meta name=\"twitter:data1\" content=\"3 minutes\" \/>\n<!-- \/ Yoast SEO plugin. -->","yoast_head_json":{"title":"Avan\u00e7o no Autismo: A Jornada de Jean no Alphalearning Intl.","description":"Em poucas semanas, Lee, diagnosticado com autismo, passou do sil\u00eancio \u00e0 fala. Conhe\u00e7a o depoimento inspirador de Jean e o impacto do Alphalearning.","robots":{"index":"index","follow":"follow","max-snippet":"max-snippet:-1","max-image-preview":"max-image-preview:large","max-video-preview":"max-video-preview:-1"},"canonical":"https:\/\/alphalearning.com\/pt\/comentarios-de-clientes-alphalearning\/familias-e-individuos\/jean-deschenes\/","og_locale":"pt_PT","og_type":"article","og_title":"Avan\u00e7o no Autismo: A Jornada de Jean no Alphalearning Intl.","og_description":"Em poucas semanas, Lee, diagnosticado com autismo, passou do sil\u00eancio \u00e0 fala. Conhe\u00e7a o depoimento inspirador de Jean e o impacto do Alphalearning.","og_url":"https:\/\/alphalearning.com\/pt\/comentarios-de-clientes-alphalearning\/familias-e-individuos\/jean-deschenes\/","og_site_name":"Alphalearning International","article_modified_time":"2025-01-26T10:01:57+00:00","og_image":[{"width":1200,"height":675,"url":"https:\/\/alphalearning.com\/wp-content\/uploads\/2024\/04\/alphalearning-logo_red_1200x675px.png","type":"image\/png"}],"twitter_card":"summary_large_image","twitter_misc":{"Est. reading time":"3 minutes"},"schema":{"@context":"https:\/\/schema.org","@graph":[{"@type":"WebPage","@id":"https:\/\/alphalearning.com\/pt\/comentarios-de-clientes-alphalearning\/familias-e-individuos\/jean-deschenes\/","url":"https:\/\/alphalearning.com\/pt\/comentarios-de-clientes-alphalearning\/familias-e-individuos\/jean-deschenes\/","name":"Avan\u00e7o no Autismo: A Jornada de Jean no Alphalearning Intl.","isPartOf":{"@id":"https:\/\/alphalearning.com\/pt\/#website"},"datePublished":"2024-03-27T16:30:41+00:00","dateModified":"2025-01-26T10:01:57+00:00","description":"Em poucas semanas, Lee, diagnosticado com autismo, passou do sil\u00eancio \u00e0 fala. Conhe\u00e7a o depoimento inspirador de Jean e o impacto do Alphalearning.","breadcrumb":{"@id":"https:\/\/alphalearning.com\/pt\/comentarios-de-clientes-alphalearning\/familias-e-individuos\/jean-deschenes\/#breadcrumb"},"inLanguage":"pt","potentialAction":[{"@type":"ReadAction","target":["https:\/\/alphalearning.com\/pt\/comentarios-de-clientes-alphalearning\/familias-e-individuos\/jean-deschenes\/"]}]},{"@type":"BreadcrumbList","@id":"https:\/\/alphalearning.com\/pt\/comentarios-de-clientes-alphalearning\/familias-e-individuos\/jean-deschenes\/#breadcrumb","itemListElement":[{"@type":"ListItem","position":1,"name":"Home","item":"https:\/\/alphalearning.com\/pt\/"},{"@type":"ListItem","position":2,"name":"Coment\u00e1rios de Clientes Alphalearning","item":"https:\/\/alphalearning.com\/pt\/comentarios-de-clientes-alphalearning\/"},{"@type":"ListItem","position":3,"name":"Fam\u00edlias","item":"https:\/\/alphalearning.com\/pt\/comentarios-de-clientes-alphalearning\/familias-e-individuos\/"},{"@type":"ListItem","position":4,"name":"Jean Deschenes"}]},{"@type":"WebSite","@id":"https:\/\/alphalearning.com\/pt\/#website","url":"https:\/\/alphalearning.com\/pt\/","name":"Alphalearning International","description":"the brain training institute","publisher":{"@id":"https:\/\/alphalearning.com\/pt\/#organization"},"potentialAction":[{"@type":"SearchAction","target":{"@type":"EntryPoint","urlTemplate":"https:\/\/alphalearning.com\/pt\/?s={search_term_string}"},"query-input":{"@type":"PropertyValueSpecification","valueRequired":true,"valueName":"search_term_string"}}],"inLanguage":"pt"},{"@type":"Organization","@id":"https:\/\/alphalearning.com\/pt\/#organization","name":"Alphalearning International","url":"https:\/\/alphalearning.com\/pt\/","logo":{"@type":"ImageObject","inLanguage":"pt","@id":"https:\/\/alphalearning.com\/pt\/#\/schema\/logo\/image\/","url":"https:\/\/alphalearning.com\/wp-content\/uploads\/2024\/03\/alphalearning_ico2_512px.png","contentUrl":"https:\/\/alphalearning.com\/wp-content\/uploads\/2024\/03\/alphalearning_ico2_512px.png","width":512,"height":512,"caption":"Alphalearning International"},"image":{"@id":"https:\/\/alphalearning.com\/pt\/#\/schema\/logo\/image\/"}}]}},"uagb_featured_image_src":{"full":false,"thumbnail":false,"medium":false,"medium_large":false,"large":false,"1536x1536":false,"2048x2048":false,"gform-image-choice-sm":false,"gform-image-choice-md":false,"gform-image-choice-lg":false},"uagb_author_info":{"display_name":"Julio Machado","author_link":"https:\/\/alphalearning.com\/pt\/author\/julio-machado\/"},"uagb_comment_info":0,"uagb_excerpt":"Depoimento de Jean Deschenes ao Alphalearning Queridos amigos, Uma breve nota para atualiz\u00e1-los sobre nosso progresso. Mas, antes, permitam-nos repetir [&hellip;]","_links":{"self":[{"href":"https:\/\/alphalearning.com\/pt\/wp-json\/wp\/v2\/pages\/13091","targetHints":{"allow":["GET"]}}],"collection":[{"href":"https:\/\/alphalearning.com\/pt\/wp-json\/wp\/v2\/pages"}],"about":[{"href":"https:\/\/alphalearning.com\/pt\/wp-json\/wp\/v2\/types\/page"}],"author":[{"embeddable":true,"href":"https:\/\/alphalearning.com\/pt\/wp-json\/wp\/v2\/users\/2"}],"replies":[{"embeddable":true,"href":"https:\/\/alphalearning.com\/pt\/wp-json\/wp\/v2\/comments?post=13091"}],"version-history":[{"count":2,"href":"https:\/\/alphalearning.com\/pt\/wp-json\/wp\/v2\/pages\/13091\/revisions"}],"predecessor-version":[{"id":14361,"href":"https:\/\/alphalearning.com\/pt\/wp-json\/wp\/v2\/pages\/13091\/revisions\/14361"}],"up":[{"embeddable":true,"href":"https:\/\/alphalearning.com\/pt\/wp-json\/wp\/v2\/pages\/13063"}],"wp:attachment":[{"href":"https:\/\/alphalearning.com\/pt\/wp-json\/wp\/v2\/media?parent=13091"}],"curies":[{"name":"wp","href":"https:\/\/api.w.org\/{rel}","templated":true}]}}